{"id":727,"date":"2020-12-17T10:42:38","date_gmt":"2020-12-17T10:42:38","guid":{"rendered":"https:\/\/www.oscarfaeh.ch\/?page_id=727"},"modified":"2023-05-03T11:40:40","modified_gmt":"2023-05-03T11:40:40","slug":"werkstattausruestung","status":"publish","type":"page","link":"https:\/\/www.oscarfaeh.ch\/fr\/rquipements-datelier\/","title":{"rendered":"\u00e9quipement d&#039;atelier"},"content":{"rendered":"<div data-elementor-type=\"wp-page\" data-elementor-id=\"727\" class=\"elementor elementor-727\" data-elementor-post-type=\"page\">\n\t\t\t\t\t\t<section class=\"elementor-section elementor-top-section elementor-element elementor-element-2569559 elementor-section-full_width elementor-section-height-default elementor-section-height-default\" data-id=\"2569559\" data-element_type=\"section\" data-e-type=\"section\">\n\t\t\t\t\t\t<div class=\"elementor-container elementor-column-gap-no\">\n\t\t\t\t\t<div class=\"elementor-column elementor-col-100 elementor-top-column elementor-element elementor-element-4f15e23\" data-id=\"4f15e23\" data-element_type=\"column\" data-e-type=\"column\">\n\t\t\t<div class=\"elementor-widget-wrap elementor-element-populated\">\n\t\t\t\t\t\t<div class=\"elementor-element elementor-element-df9d81d elementor-widget elementor-widget-WidgetSubpageHeader\" data-id=\"df9d81d\" data-element_type=\"widget\" data-e-type=\"widget\" data-widget_type=\"WidgetSubpageHeader.default\">\n\t\t\t\t<div class=\"elementor-widget-container\">\n\t\t\t\t\t        <header class=\"subpage-header\">\n            <div class=\"subpage-header__inner container\">\n                <a href=\"https:\/\/www.oscarfaeh.ch\/fr\" class=\"subpage-header__back-link\">\n                    <svg class=\"icon link__arrow i-pfeil-left\">\n                        <use xlink:href=\"https:\/\/www.oscarfaeh.ch\/wp-content\/themes\/oscarfaeh-theme\/assets\/static\/symbol-defs.svg#i-pfeil-left\"><\/use>\n                    <\/svg>\n                    retour                <\/a>\n                <div class=\"subpage-header__wrapper\">\n                    <div class=\"subpage-header__content\">\n                        <span class=\"section__subline\">\u00c9quipements sp\u00e9cialis\u00e9s pour les ateliers<\/span>\n                        <h1 >Les produits de marque adapt\u00e9s, tout aupr\u00e8s du m\u00eame fournisseur<\/h1>\n                        <p class=\"subpage-header__description\">Qu&#039;il s&#039;agisse d&#039;appareils de diagnostic, de d\u00e9tection de fuites ou d&#039;entretien de la climatisation : chez Oscar F\u00e4h, vous obtenez des produits de qualit\u00e9 test\u00e9s pour le travail quotidien en atelier. Les unit\u00e9s de service de climatisation sont \u00e9galement entretenues et r\u00e9par\u00e9es.<\/p>\n                                                    <div class=\"subpage-header__links subpage-header__links--margin\">\n                                                                    <a href=\"#\" class=\"contact_toggle\">\n                                    <span class=\"contact__open\">\n                                        <svg class=\"icon i-person\">\n                                            <use xlink:href=\"https:\/\/www.oscarfaeh.ch\/wp-content\/themes\/oscarfaeh-theme\/assets\/static\/symbol-defs.svg#i-person\"><\/use>\n                                        <\/svg>\n                                        Contact                                    <\/span>\n                                        <span class=\"contact__close\" style=\"display: none\">\n                                        proche                                        <svg class=\"icon i-arrow-down\">\n                                            <use xlink:href=\"https:\/\/www.oscarfaeh.ch\/wp-content\/themes\/oscarfaeh-theme\/assets\/static\/symbol-defs.svg#i-arrow-down\"><\/use>\n                                        <\/svg>\n                                    <\/span>\n                                    <\/a>\n                                                            <\/div>\n                        <div class=\"contact\">\n    <div class=\"contact__inner\">\n        <img decoding=\"async\" width=\"170\" height=\"115\" src=\"https:\/\/www.oscarfaeh.ch\/wp-content\/uploads\/2024\/07\/AdobeStock_459097679-170x115.jpeg\" class=\"contact__img wp-post-image\" alt=\"\" srcset=\"https:\/\/www.oscarfaeh.ch\/wp-content\/uploads\/2024\/07\/AdobeStock_459097679-170x115.jpeg 170w, https:\/\/www.oscarfaeh.ch\/wp-content\/uploads\/2024\/07\/AdobeStock_459097679-300x203.jpeg 300w, https:\/\/www.oscarfaeh.ch\/wp-content\/uploads\/2024\/07\/AdobeStock_459097679-1024x694.jpeg 1024w, https:\/\/www.oscarfaeh.ch\/wp-content\/uploads\/2024\/07\/AdobeStock_459097679-768x520.jpeg 768w, https:\/\/www.oscarfaeh.ch\/wp-content\/uploads\/2024\/07\/AdobeStock_459097679-1536x1040.jpeg 1536w, https:\/\/www.oscarfaeh.ch\/wp-content\/uploads\/2024\/07\/AdobeStock_459097679-2048x1387.jpeg 2048w, https:\/\/www.oscarfaeh.ch\/wp-content\/uploads\/2024\/07\/AdobeStock_459097679-18x12.jpeg 18w, https:\/\/www.oscarfaeh.ch\/wp-content\/uploads\/2024\/07\/AdobeStock_459097679-1181x800.jpeg 1181w\" sizes=\"(max-width: 170px) 100vw, 170px\" \/>        <div class=\"contact__content\">\n            <div class=\"contact__title\">\n                <span class=\"contact__name\">\n                    <b>Service interne<\/b>                <\/span>\n                <span class=\"contact__func\">\n                    Pour les questions et les renseignements techniques                <\/span>\n            <\/div>\n            <div class=\"contact__links\">\n                <a class=\"contact__link\" href=\"tel:+41 58 810 08 10\">\n                    <svg class=\"icon i-kontakt\">\n                        <use xlink:href=\"https:\/\/www.oscarfaeh.ch\/wp-content\/themes\/oscarfaeh-theme\/assets\/static\/symbol-defs.svg#i-kontakt\"><\/use>\n                    <\/svg>\n                    +41 58 810 08 10                <\/a>\n                <a class=\"contact__link\" href=\"mailto:info(at)oscarfaeh.ch\">\n                    <svg class=\"icon i-mail\">\n                        <use xlink:href=\"https:\/\/www.oscarfaeh.ch\/wp-content\/themes\/oscarfaeh-theme\/assets\/static\/symbol-defs.svg#i-mail\"><\/use>\n                    <\/svg>\n                    <span>\n                    info(at)oscarfaeh.ch                <\/span>\n                <\/a>\n            <\/div>\n        <\/div>\n    <\/div>\n<\/div>                    <\/div>\n                                            <div class=\"subpage-header__img-wrapper\">\n                            <img fetchpriority=\"high\" decoding=\"async\" width=\"1600\" height=\"1984\" src=\"https:\/\/www.oscarfaeh.ch\/wp-content\/uploads\/2020\/11\/prod-g-konfort-712r_def.png\" class=\"subpage-header__img\" alt=\"Unit\u00e9 de service A \/ C\" style=\"width:151.16666666667%;\" srcset=\"https:\/\/www.oscarfaeh.ch\/wp-content\/uploads\/2020\/11\/prod-g-konfort-712r_def.png 1600w, https:\/\/www.oscarfaeh.ch\/wp-content\/uploads\/2020\/11\/prod-g-konfort-712r_def-242x300.png 242w, https:\/\/www.oscarfaeh.ch\/wp-content\/uploads\/2020\/11\/prod-g-konfort-712r_def-826x1024.png 826w, https:\/\/www.oscarfaeh.ch\/wp-content\/uploads\/2020\/11\/prod-g-konfort-712r_def-768x952.png 768w, https:\/\/www.oscarfaeh.ch\/wp-content\/uploads\/2020\/11\/prod-g-konfort-712r_def-1239x1536.png 1239w, https:\/\/www.oscarfaeh.ch\/wp-content\/uploads\/2020\/11\/prod-g-konfort-712r_def-10x12.png 10w, https:\/\/www.oscarfaeh.ch\/wp-content\/uploads\/2020\/11\/prod-g-konfort-712r_def-200x248.png 200w, https:\/\/www.oscarfaeh.ch\/wp-content\/uploads\/2020\/11\/prod-g-konfort-712r_def-645x800.png 645w\" sizes=\"(max-width: 1600px) 100vw, 1600px\" \/>                        <\/div>\n                                    <\/div>\n                <div class=\"subpage-header__spacer\"><\/div>\n            <\/div>\n            <div class=\"subpage-header__gradient\"><\/div>\n        <\/header>\n\n        \t\t\t\t<\/div>\n\t\t\t\t<\/div>\n\t\t\t\t<div class=\"elementor-element elementor-element-990be9d elementor-widget elementor-widget-global elementor-global-1357 elementor-widget-WidgetSectionCards\" data-id=\"990be9d\" data-element_type=\"widget\" data-e-type=\"widget\" data-widget_type=\"WidgetSectionCards.default\">\n\t\t\t\t<div class=\"elementor-widget-container\">\n\t\t\t\t\t        <section class=\"container section-cards\">\n            <div class=\"section-cards__image-card section-cards__image-card--background-image\">\n                <div class=\"section-cards__image-wrapper\">\n                                    <\/div>\n            <\/div>\n            <div class=\"section-cards__content-card\">\n                <a class=\"do-close-overlay section-cards__close\" href=\"#\"><span class=\"bar-1\"><\/span><span class=\"bar-2\"><\/span><\/a>\n                <div class=\"section-cards__content\">\n                    <span class=\"section__subline\">Stations de service pour climatisation<\/span>\n                    <h1 class=\"section__title\">L\u2019appareil adapt\u00e9 pour le service de climatisation<\/h1>\n                    <p >Avec nos stations de service pour climatisation, vous pouvez effectuer le service pour tous les v\u00e9hicules. Nous vous conseillons l\u2019appareil adapt\u00e9 \u00e0 vos besoins avec un liquide de refroidissement 134a ou 1234yf. Nous vous fournissons \u00e9galement les bouteilles de liquide de refroidissement pour tous les v\u00e9hicules. Selon l\u2019utilisation (10 \u00e0 40 kg), des voitures particuli\u00e8res aux omnibus.<\/p>\n                                            <div class=\"section-cards__links section-cards__links--margin\">\n                                                            <a href=\"#\" class=\"contact_toggle\">\n                                    <span class=\"contact__open\">\n                                        <svg class=\"icon i-person\">\n                                            <use xlink:href=\"https:\/\/www.oscarfaeh.ch\/wp-content\/themes\/oscarfaeh-theme\/assets\/static\/symbol-defs.svg#i-person\"><\/use>\n                                        <\/svg>\n                                        Contact                                    <\/span>\n                                    <span class=\"contact__close\" style=\"display: none\">\n                                        proche                                        <svg class=\"icon i-arrow-down\">\n                                            <use xlink:href=\"https:\/\/www.oscarfaeh.ch\/wp-content\/themes\/oscarfaeh-theme\/assets\/static\/symbol-defs.svg#i-arrow-down\"><\/use>\n                                        <\/svg>\n                                    <\/span>\n                                <\/a>\n                                                            <a  href=\"https:\/\/shop.oscarfaeh.ch\/de-catalog-klima-klimaservicegeraete\"  target=\"_blank\">\n                                Vers l\u2019assortiment dans la boutique en ligne                                <svg class=\"icon link__arrow i-pfeil-right\">\n                                    <use xlink:href=\"https:\/\/www.oscarfaeh.ch\/wp-content\/themes\/oscarfaeh-theme\/assets\/static\/symbol-defs.svg#i-pfeil-right\"><\/use>\n                                <\/svg>\n                                <\/a>\n                                                    <\/div>\n                    <div class=\"contact\">\n    <div class=\"contact__inner\">\n        <img decoding=\"async\" width=\"170\" height=\"115\" src=\"https:\/\/www.oscarfaeh.ch\/wp-content\/uploads\/2024\/07\/AdobeStock_459097679-170x115.jpeg\" class=\"contact__img wp-post-image\" alt=\"\" srcset=\"https:\/\/www.oscarfaeh.ch\/wp-content\/uploads\/2024\/07\/AdobeStock_459097679-170x115.jpeg 170w, https:\/\/www.oscarfaeh.ch\/wp-content\/uploads\/2024\/07\/AdobeStock_459097679-300x203.jpeg 300w, https:\/\/www.oscarfaeh.ch\/wp-content\/uploads\/2024\/07\/AdobeStock_459097679-1024x694.jpeg 1024w, https:\/\/www.oscarfaeh.ch\/wp-content\/uploads\/2024\/07\/AdobeStock_459097679-768x520.jpeg 768w, https:\/\/www.oscarfaeh.ch\/wp-content\/uploads\/2024\/07\/AdobeStock_459097679-1536x1040.jpeg 1536w, https:\/\/www.oscarfaeh.ch\/wp-content\/uploads\/2024\/07\/AdobeStock_459097679-2048x1387.jpeg 2048w, https:\/\/www.oscarfaeh.ch\/wp-content\/uploads\/2024\/07\/AdobeStock_459097679-18x12.jpeg 18w, https:\/\/www.oscarfaeh.ch\/wp-content\/uploads\/2024\/07\/AdobeStock_459097679-1181x800.jpeg 1181w\" sizes=\"(max-width: 170px) 100vw, 170px\" \/>        <div class=\"contact__content\">\n            <div class=\"contact__title\">\n                <span class=\"contact__name\">\n                    <b>Service interne<\/b>                <\/span>\n                <span class=\"contact__func\">\n                    Pour les questions et les renseignements techniques                <\/span>\n            <\/div>\n            <div class=\"contact__links\">\n                <a class=\"contact__link\" href=\"tel:+41 58 810 08 10\">\n                    <svg class=\"icon i-kontakt\">\n                        <use xlink:href=\"https:\/\/www.oscarfaeh.ch\/wp-content\/themes\/oscarfaeh-theme\/assets\/static\/symbol-defs.svg#i-kontakt\"><\/use>\n                    <\/svg>\n                    +41 58 810 08 10                <\/a>\n                <a class=\"contact__link\" href=\"mailto:info(at)oscarfaeh.ch\">\n                    <svg class=\"icon i-mail\">\n                        <use xlink:href=\"https:\/\/www.oscarfaeh.ch\/wp-content\/themes\/oscarfaeh-theme\/assets\/static\/symbol-defs.svg#i-mail\"><\/use>\n                    <\/svg>\n                    <span>\n                    info(at)oscarfaeh.ch                <\/span>\n                <\/a>\n            <\/div>\n        <\/div>\n    <\/div>\n<\/div>                <\/div>\n            <\/div>\n        <\/section>\n\n        \t\t\t\t<\/div>\n\t\t\t\t<\/div>\n\t\t\t\t<div class=\"elementor-element elementor-element-848dcb2 elementor-widget elementor-widget-global elementor-global-1368 elementor-widget-WidgetSectionCards\" data-id=\"848dcb2\" data-element_type=\"widget\" data-e-type=\"widget\" data-widget_type=\"WidgetSectionCards.default\">\n\t\t\t\t<div class=\"elementor-widget-container\">\n\t\t\t\t\t        <section class=\"container section-cards section-cards--reverse\">\n            <div class=\"section-cards__image-card section-cards__image-card--background-image\">\n                <div class=\"section-cards__image-wrapper\">\n                                    <\/div>\n            <\/div>\n            <div class=\"section-cards__content-card\">\n                <a class=\"do-close-overlay section-cards__close\" href=\"#\"><span class=\"bar-1\"><\/span><span class=\"bar-2\"><\/span><\/a>\n                <div class=\"section-cards__content\">\n                    <span class=\"section__subline\">Appareils de diagnostic<\/span>\n                    <h1 class=\"section__title\">Un appareil pour toutes les marques de v\u00e9hicules<\/h1>\n                    <p >Le diagnostic de v\u00e9hicule est la comp\u00e9tence principale de notre partenaire TEXA, notre sp\u00e9cialiste des appareils ind\u00e9pendants de la marque. C&#039;est bon pour le portefeuille. Parce que vous pouvez diagnostiquer toutes les marques de v\u00e9hicules avec un seul appareil et r\u00e9duire les co\u00fbts d&#039;acquisition \u00e9lev\u00e9s. Avec un abonnement, le logiciel est toujours \u00e0 jour.<\/p>\n                                            <div class=\"section-cards__links section-cards__links--margin\">\n                                                            <a href=\"#\" class=\"contact_toggle\">\n                                    <span class=\"contact__open\">\n                                        <svg class=\"icon i-person\">\n                                            <use xlink:href=\"https:\/\/www.oscarfaeh.ch\/wp-content\/themes\/oscarfaeh-theme\/assets\/static\/symbol-defs.svg#i-person\"><\/use>\n                                        <\/svg>\n                                        Contact                                    <\/span>\n                                    <span class=\"contact__close\" style=\"display: none\">\n                                        proche                                        <svg class=\"icon i-arrow-down\">\n                                            <use xlink:href=\"https:\/\/www.oscarfaeh.ch\/wp-content\/themes\/oscarfaeh-theme\/assets\/static\/symbol-defs.svg#i-arrow-down\"><\/use>\n                                        <\/svg>\n                                    <\/span>\n                                <\/a>\n                                                            <a  href=\"https:\/\/shop.oscarfaeh.ch\/de-catalog-werkstattbedarf-diagnosegeraete\"  target=\"_blank\">\n                                Vers l\u2019assortiment dans la boutique en ligne                                <svg class=\"icon link__arrow i-pfeil-right\">\n                                    <use xlink:href=\"https:\/\/www.oscarfaeh.ch\/wp-content\/themes\/oscarfaeh-theme\/assets\/static\/symbol-defs.svg#i-pfeil-right\"><\/use>\n                                <\/svg>\n                                <\/a>\n                                                    <\/div>\n                    <div class=\"contact\">\n    <div class=\"contact__inner\">\n        <img decoding=\"async\" width=\"170\" height=\"115\" src=\"https:\/\/www.oscarfaeh.ch\/wp-content\/uploads\/2024\/07\/AdobeStock_459097679-170x115.jpeg\" class=\"contact__img wp-post-image\" alt=\"\" srcset=\"https:\/\/www.oscarfaeh.ch\/wp-content\/uploads\/2024\/07\/AdobeStock_459097679-170x115.jpeg 170w, https:\/\/www.oscarfaeh.ch\/wp-content\/uploads\/2024\/07\/AdobeStock_459097679-300x203.jpeg 300w, https:\/\/www.oscarfaeh.ch\/wp-content\/uploads\/2024\/07\/AdobeStock_459097679-1024x694.jpeg 1024w, https:\/\/www.oscarfaeh.ch\/wp-content\/uploads\/2024\/07\/AdobeStock_459097679-768x520.jpeg 768w, https:\/\/www.oscarfaeh.ch\/wp-content\/uploads\/2024\/07\/AdobeStock_459097679-1536x1040.jpeg 1536w, https:\/\/www.oscarfaeh.ch\/wp-content\/uploads\/2024\/07\/AdobeStock_459097679-2048x1387.jpeg 2048w, https:\/\/www.oscarfaeh.ch\/wp-content\/uploads\/2024\/07\/AdobeStock_459097679-18x12.jpeg 18w, https:\/\/www.oscarfaeh.ch\/wp-content\/uploads\/2024\/07\/AdobeStock_459097679-1181x800.jpeg 1181w\" sizes=\"(max-width: 170px) 100vw, 170px\" \/>        <div class=\"contact__content\">\n            <div class=\"contact__title\">\n                <span class=\"contact__name\">\n                    <b>Service interne<\/b>                <\/span>\n                <span class=\"contact__func\">\n                    Pour les questions et les renseignements techniques                <\/span>\n            <\/div>\n            <div class=\"contact__links\">\n                <a class=\"contact__link\" href=\"tel:+41 58 810 08 10\">\n                    <svg class=\"icon i-kontakt\">\n                        <use xlink:href=\"https:\/\/www.oscarfaeh.ch\/wp-content\/themes\/oscarfaeh-theme\/assets\/static\/symbol-defs.svg#i-kontakt\"><\/use>\n                    <\/svg>\n                    +41 58 810 08 10                <\/a>\n                <a class=\"contact__link\" href=\"mailto:info(at)oscarfaeh.ch\">\n                    <svg class=\"icon i-mail\">\n                        <use xlink:href=\"https:\/\/www.oscarfaeh.ch\/wp-content\/themes\/oscarfaeh-theme\/assets\/static\/symbol-defs.svg#i-mail\"><\/use>\n                    <\/svg>\n                    <span>\n                    info(at)oscarfaeh.ch                <\/span>\n                <\/a>\n            <\/div>\n        <\/div>\n    <\/div>\n<\/div>                <\/div>\n            <\/div>\n        <\/section>\n\n        \t\t\t\t<\/div>\n\t\t\t\t<\/div>\n\t\t\t\t<div class=\"elementor-element elementor-element-7f2fcd8 elementor-widget elementor-widget-global elementor-global-1376 elementor-widget-WidgetSectionCards\" data-id=\"7f2fcd8\" data-element_type=\"widget\" data-e-type=\"widget\" data-widget_type=\"WidgetSectionCards.default\">\n\t\t\t\t<div class=\"elementor-widget-container\">\n\t\t\t\t\t        <section class=\"container section-cards\">\n            <div class=\"section-cards__image-card section-cards__image-card--background-image\">\n                <div class=\"section-cards__image-wrapper\">\n                                    <\/div>\n            <\/div>\n            <div class=\"section-cards__content-card\">\n                <a class=\"do-close-overlay section-cards__close\" href=\"#\"><span class=\"bar-1\"><\/span><span class=\"bar-2\"><\/span><\/a>\n                <div class=\"section-cards__content\">\n                    <span class=\"section__subline\">Appareils de recherche des fuites<\/span>\n                    <h1 class=\"section__title\">Une assistance rapide pour vos clients lorsqu\u2019il fait chaud<\/h1>\n                    <p >Les d\u00e9tecteurs de fuite techniquement sophistiqu\u00e9s de TEXA et WIGAM fonctionnent avec de l&#039;azote gazeux. Dans un premier temps, la climatisation est remplie de gaz. Apr\u00e8s cela, m\u00eame la plus petite fuite peut \u00eatre d\u00e9tect\u00e9e efficacement \u00e0 l&#039;aide d&#039;un renifleur acoustique. Vous pouvez r\u00e9parer les d\u00e9g\u00e2ts rapidement et aider votre client imm\u00e9diatement.<\/p>\n                                            <div class=\"section-cards__links section-cards__links--margin\">\n                                                            <a href=\"#\" class=\"contact_toggle\">\n                                    <span class=\"contact__open\">\n                                        <svg class=\"icon i-person\">\n                                            <use xlink:href=\"https:\/\/www.oscarfaeh.ch\/wp-content\/themes\/oscarfaeh-theme\/assets\/static\/symbol-defs.svg#i-person\"><\/use>\n                                        <\/svg>\n                                        Contact                                    <\/span>\n                                    <span class=\"contact__close\" style=\"display: none\">\n                                        proche                                        <svg class=\"icon i-arrow-down\">\n                                            <use xlink:href=\"https:\/\/www.oscarfaeh.ch\/wp-content\/themes\/oscarfaeh-theme\/assets\/static\/symbol-defs.svg#i-arrow-down\"><\/use>\n                                        <\/svg>\n                                    <\/span>\n                                <\/a>\n                                                            <a  href=\"https:\/\/shop.oscarfaeh.ch\/default.aspx?id=25DB7294F739CDE67BBD299D37FDC6A907630873F0A2F2F914E1EB87B4C129233F57C362FC45D5D3\"  target=\"_blank\">\n                                Vers l\u2019assortiment dans la boutique en ligne                                <svg class=\"icon link__arrow i-pfeil-right\">\n                                    <use xlink:href=\"https:\/\/www.oscarfaeh.ch\/wp-content\/themes\/oscarfaeh-theme\/assets\/static\/symbol-defs.svg#i-pfeil-right\"><\/use>\n                                <\/svg>\n                                <\/a>\n                                                    <\/div>\n                    <div class=\"contact\">\n    <div class=\"contact__inner\">\n        <img decoding=\"async\" width=\"170\" height=\"115\" src=\"https:\/\/www.oscarfaeh.ch\/wp-content\/uploads\/2024\/07\/AdobeStock_459097679-170x115.jpeg\" class=\"contact__img wp-post-image\" alt=\"\" srcset=\"https:\/\/www.oscarfaeh.ch\/wp-content\/uploads\/2024\/07\/AdobeStock_459097679-170x115.jpeg 170w, https:\/\/www.oscarfaeh.ch\/wp-content\/uploads\/2024\/07\/AdobeStock_459097679-300x203.jpeg 300w, https:\/\/www.oscarfaeh.ch\/wp-content\/uploads\/2024\/07\/AdobeStock_459097679-1024x694.jpeg 1024w, https:\/\/www.oscarfaeh.ch\/wp-content\/uploads\/2024\/07\/AdobeStock_459097679-768x520.jpeg 768w, https:\/\/www.oscarfaeh.ch\/wp-content\/uploads\/2024\/07\/AdobeStock_459097679-1536x1040.jpeg 1536w, https:\/\/www.oscarfaeh.ch\/wp-content\/uploads\/2024\/07\/AdobeStock_459097679-2048x1387.jpeg 2048w, https:\/\/www.oscarfaeh.ch\/wp-content\/uploads\/2024\/07\/AdobeStock_459097679-18x12.jpeg 18w, https:\/\/www.oscarfaeh.ch\/wp-content\/uploads\/2024\/07\/AdobeStock_459097679-1181x800.jpeg 1181w\" sizes=\"(max-width: 170px) 100vw, 170px\" \/>        <div class=\"contact__content\">\n            <div class=\"contact__title\">\n                <span class=\"contact__name\">\n                    <b>Service interne<\/b>                <\/span>\n                <span class=\"contact__func\">\n                    Pour les questions et les renseignements techniques                <\/span>\n            <\/div>\n            <div class=\"contact__links\">\n                <a class=\"contact__link\" href=\"tel:+41 58 810 08 10\">\n                    <svg class=\"icon i-kontakt\">\n                        <use xlink:href=\"https:\/\/www.oscarfaeh.ch\/wp-content\/themes\/oscarfaeh-theme\/assets\/static\/symbol-defs.svg#i-kontakt\"><\/use>\n                    <\/svg>\n                    +41 58 810 08 10                <\/a>\n                <a class=\"contact__link\" href=\"mailto:info(at)oscarfaeh.ch\">\n                    <svg class=\"icon i-mail\">\n                        <use xlink:href=\"https:\/\/www.oscarfaeh.ch\/wp-content\/themes\/oscarfaeh-theme\/assets\/static\/symbol-defs.svg#i-mail\"><\/use>\n                    <\/svg>\n                    <span>\n                    info(at)oscarfaeh.ch                <\/span>\n                <\/a>\n            <\/div>\n        <\/div>\n    <\/div>\n<\/div>                <\/div>\n            <\/div>\n        <\/section>\n\n        \t\t\t\t<\/div>\n\t\t\t\t<\/div>\n\t\t\t\t<div class=\"elementor-element elementor-element-02cb493 elementor-widget elementor-widget-WidgetCustomers\" data-id=\"02cb493\" data-element_type=\"widget\" data-e-type=\"widget\" data-widget_type=\"WidgetCustomers.default\">\n\t\t\t\t<div class=\"elementor-widget-container\">\n\t\t\t\t\t        <section class=\"customer-logos\">\n            <div class=\"container\">\n                <span class=\"hero__subline\">Collaboration depuis de nombreuses ann\u00e9es<\/span>\n                <h1 >Nos fournisseurs<\/h1>\n            <\/div>\n\n            <div class=\"container customer-logos__wrapper\">\n                                    <a class=\"customer-logos__link\"  target=\"_blank\" rel=\"nofollow\" href=\"https:\/\/www.texa.com\">\n                        <img decoding=\"async\" class=\"customer-logos__logo\" src=\"https:\/\/www.oscarfaeh.ch\/wp-content\/uploads\/2020\/12\/Logo-Texa.svg\" alt=\"Texa\">\n                    <\/a>\n                                    <a class=\"customer-logos__link\"  target=\"_blank\" rel=\"nofollow\" href=\"https:\/\/www.wigam.com\">\n                        <img decoding=\"async\" class=\"customer-logos__logo\" src=\"https:\/\/www.oscarfaeh.ch\/wp-content\/uploads\/2020\/12\/Logo-Wigam.svg\" alt=\"Wigam\">\n                    <\/a>\n                            <\/div>\n        <\/section>\n\n        \t\t\t\t<\/div>\n\t\t\t\t<\/div>\n\t\t\t\t\t<\/div>\n\t\t<\/div>\n\t\t\t\t\t<\/div>\n\t\t<\/section>\n\t\t\t\t<\/div>","protected":false},"excerpt":{"rendered":"<p>zur\u00fcck Spezialisierte Werkstatt-Ausr\u00fcstung Die richtigen Markenprodukte \u2013 alles aus einer Hand Egal ob Diagnose-, Lecksuch- oder Klimaservice-Ger\u00e4te: Bei Oscar F\u00e4h erhalten Sie gepr\u00fcfte Qualit\u00e4tsprodukte f\u00fcr die t\u00e4glichen Arbeiten in der Werkstatt. Die Klimaserviceger\u00e4te werden auch gewartet und repariert. Kontakt zuklappen Innendienst F\u00fcr Fragen und technische Auskunft +41 58 810 0 810 info(at)oscarfaeh.ch Klimaservice-Ger\u00e4te Das passende [&hellip;]<\/p>\n","protected":false},"author":1,"featured_media":0,"parent":0,"menu_order":0,"comment_status":"closed","ping_status":"closed","template":"templates\/subpage.php","meta":{"_seopress_robots_primary_cat":"","_seopress_titles_title":"Werkstattausr\u00fcstung - Top Infrastruktur in der Werkstatt.","_seopress_titles_desc":"Egal ob Diagnose-, Lecksuch- oder Klimaservice-Ger\u00e4te: Bei Oscar F\u00e4h erhalten Sie eine Top-Werkstattausr\u00fcstung.","_seopress_robots_index":"","footnotes":""},"class_list":["post-727","page","type-page","status-publish","hentry"],"_links":{"self":[{"href":"https:\/\/www.oscarfaeh.ch\/fr\/wp-json\/wp\/v2\/pages\/727","targetHints":{"allow":["GET"]}}],"collection":[{"href":"https:\/\/www.oscarfaeh.ch\/fr\/wp-json\/wp\/v2\/pages"}],"about":[{"href":"https:\/\/www.oscarfaeh.ch\/fr\/wp-json\/wp\/v2\/types\/page"}],"author":[{"embeddable":true,"href":"https:\/\/www.oscarfaeh.ch\/fr\/wp-json\/wp\/v2\/users\/1"}],"replies":[{"embeddable":true,"href":"https:\/\/www.oscarfaeh.ch\/fr\/wp-json\/wp\/v2\/comments?post=727"}],"version-history":[{"count":74,"href":"https:\/\/www.oscarfaeh.ch\/fr\/wp-json\/wp\/v2\/pages\/727\/revisions"}],"predecessor-version":[{"id":3317,"href":"https:\/\/www.oscarfaeh.ch\/fr\/wp-json\/wp\/v2\/pages\/727\/revisions\/3317"}],"wp:attachment":[{"href":"https:\/\/www.oscarfaeh.ch\/fr\/wp-json\/wp\/v2\/media?parent=727"}],"curies":[{"name":"wp","href":"https:\/\/api.w.org\/{rel}","templated":true}]}}